{"id":618,"date":"2018-02-16T13:47:02","date_gmt":"2018-02-16T13:47:02","guid":{"rendered":"https:\/\/unigardening.de\/netzwerk\/?page_id=618"},"modified":"2021-02-21T20:36:58","modified_gmt":"2021-02-21T20:36:58","slug":"terra-preta-projektwerkstatt","status":"publish","type":"page","link":"https:\/\/unigardening.de\/netzwerk\/terra-preta-projektwerkstatt\/","title":{"rendered":"tu project Terra Preta 6 ECTS"},"content":{"rendered":"<h2>Terra-Preta &#8211; Kohlenstoffspeicher und N\u00e4hrstoffkreislauf in der Stadt<\/h2>\n<p><strong><a href=\"https:\/\/unigardening.de\/netzwerk\/wp-content\/uploads\/2018\/04\/logo3a_pw_Terra-Preta.png\"><img loading=\"lazy\" decoding=\"async\" class=\"wp-image-849 alignleft\" src=\"https:\/\/unigardening.de\/netzwerk\/wp-content\/uploads\/2018\/04\/logo3a_pw_Terra-Preta.png\" alt=\"\" width=\"199\" height=\"187\"><\/a><\/strong><br \/>\n<strong>tu project \u2248 Projektwerkstatt<\/strong><br \/>\nLaufzeit: SoSe 2018 &#8211; WiSe 2019\/20<br \/>\n<a href=\"https:\/\/unigardening.de\/netzwerk\/wp-content\/uploads\/2018\/02\/20180125_214335_Terra-Preta_PW_2.jpg\"><img loading=\"lazy\" decoding=\"async\" class=\"alignnone size-large wp-image-621\" src=\"https:\/\/unigardening.de\/netzwerk\/wp-content\/uploads\/2018\/02\/20180125_214335_Terra-Preta_PW_2-1024x394.jpg\" alt=\"\" width=\"604\" height=\"232\" srcset=\"https:\/\/unigardening.de\/netzwerk\/wp-content\/uploads\/2018\/02\/20180125_214335_Terra-Preta_PW_2-1024x394.jpg 1024w, https:\/\/unigardening.de\/netzwerk\/wp-content\/uploads\/2018\/02\/20180125_214335_Terra-Preta_PW_2-300x115.jpg 300w, https:\/\/unigardening.de\/netzwerk\/wp-content\/uploads\/2018\/02\/20180125_214335_Terra-Preta_PW_2-768x295.jpg 768w, https:\/\/unigardening.de\/netzwerk\/wp-content\/uploads\/2018\/02\/20180125_214335_Terra-Preta_PW_2.jpg 1999w\" sizes=\"auto, (max-width: 604px) 100vw, 604px\" \/><\/a><\/p>\n<p>\u201eTerra Preta\u201c (portugiesisch: \u201eSchwarze Erde\u201c) ist die Bezeichnung f\u00fcr einen<br \/>\n\u00e4u\u00dferst fruchtbaren Boden, der urspr\u00fcnglich von den indigenen Kulturen des Amazonasbeckens geschaffen wurde. Viele Wissenschaftler sehen in dem kohlehaltigen Super-Humus aus dem Regenwald eine Chance, globalen Problemen wie Klimawandel und Ern\u00e4hrungssicherung zu begegnen.<\/p>\n<p>In unserem tu project wollen wir uns gemeinsam der Frage widmen, in wie weit \u201eTerra Preta\u201c auch hier in der Stadt beim Schlie\u00dfen von N\u00e4hrstoffkreisl\u00e4ufen und dem langfristigen Speichern von Kohlenstoff eine Rolle spielen kann.<\/p>\n<p>Neben spannenden Vortr\u00e4ge und theoretischen Grundlagen wollen wir v.a. selbstst\u00e4ndig anpacken und ausprobieren. Von der Herstellung von Terra Preta aus Pflanzenkohle und Bokashi-D\u00fcnger \u00fcber den Bau einer Trocken-Trenn-Toilette bis hin zur Durchf\u00fchrung wissenschaftlicher Studien werden wir viele M\u00f6glichkeiten haben, unsere Kenntnisse praktisch anzuwenden.<\/p>\n<p><strong>Climate Engineering ~ noch Fragen?<\/strong><\/p>\n<p style=\"padding-left: 30px;\"><em>&#8222;Damit der in der Biokohle enthaltene Kohlenstoff im Sinne einer CE-Ma\u00dfnahme l\u00e4ngerfristig der Atmosph\u00e4re entzogen bleibt, bedarf es einer &#8211; idealerweise wertsch\u00f6pfenden &#8211; stofflichen und weitgehend kohlenstoffneutralen Nutzungsm\u00f6glichkeit f\u00fcr Biokohle, die f\u00fcr einen klimarelevanten Beitrag dar\u00fcber hinaus Biokohle im Milliarden-Tonnen-Ma\u00dfstab aufnehmen kann. Eine diesen Kriterien gerecht werdende stoffliche Nutzung wird in der Einbindung der Biokohle in landwirtschaftlich und g\u00e4rtnerisch genutzte B\u00f6den gesehen (z. B. Lehmann et al. 2006). So wird vermutet, dass in den Boden eingebrachte Biokohle eine f\u00f6rdernde Wirkung auf den Humusgehalt und die Fruchtbarkeit des Bodens entfaltet und der enthaltene Kohlenstoff \u00fcber l\u00e4ngere Zeitr\u00e4ume im Boden festgelegt wird. Diese Annahmen beruhen auf der (Wieder-)Entdeckung der sogenannten \u00bbTerra preta\u00ab in Brasilien.&#8220;<\/em><br \/>\n<em><strong>&nbsp;<br \/>\nQuelle:<\/strong> <a href=\"http:\/\/dip21.bundestag.de\/dip21\/btd\/18\/021\/1802121.pdf\" target=\"_blank\" rel=\"noopener noreferrer\">Deutscher Bundestag &#8211; Bericht des Ausschusses f\u00fcr Bildung, Forschung &amp; Technikfolgenabsch\u00e4tzung &#8211; Climate Engineering ~ Seite 49<\/a><br \/>\n<\/em><\/p>\n","protected":false},"excerpt":{"rendered":"<p>Terra-Preta &#8211; Kohlenstoffspeicher und N\u00e4hrstoffkreislauf in der Stadt tu project \u2248 Projektwerkstatt Laufzeit: SoSe 2018 &#8211; WiSe 2019\/20 \u201eTerra Preta\u201c (portugiesisch: \u201eSchwarze Erde\u201c) ist die Bezeichnung f\u00fcr einen \u00e4u\u00dferst fruchtbaren Boden, der urspr\u00fcnglich von den indigenen Kulturen des Amazonasbeckens geschaffen wurde. Viele Wissenschaftler sehen in dem kohlehaltigen Super-Humus aus dem Regenwald eine Chance, globalen Problemen &hellip; <a href=\"https:\/\/unigardening.de\/netzwerk\/terra-preta-projektwerkstatt\/\" class=\"more-link\"><span class=\"screen-reader-text\">tu project Terra Preta 6 ECTS<\/span> weiterlesen <span class=\"meta-nav\">&rarr;<\/span><\/a><\/p>\n","protected":false},"author":1,"featured_media":0,"parent":0,"menu_order":0,"comment_status":"closed","ping_status":"closed","template":"","meta":{"ngg_post_thumbnail":0,"footnotes":""},"class_list":["post-618","page","type-page","status-publish","hentry"],"_links":{"self":[{"href":"https:\/\/unigardening.de\/netzwerk\/wp-json\/wp\/v2\/pages\/618","targetHints":{"allow":["GET"]}}],"collection":[{"href":"https:\/\/unigardening.de\/netzwerk\/wp-json\/wp\/v2\/pages"}],"about":[{"href":"https:\/\/unigardening.de\/netzwerk\/wp-json\/wp\/v2\/types\/page"}],"author":[{"embeddable":true,"href":"https:\/\/unigardening.de\/netzwerk\/wp-json\/wp\/v2\/users\/1"}],"replies":[{"embeddable":true,"href":"https:\/\/unigardening.de\/netzwerk\/wp-json\/wp\/v2\/comments?post=618"}],"version-history":[{"count":6,"href":"https:\/\/unigardening.de\/netzwerk\/wp-json\/wp\/v2\/pages\/618\/revisions"}],"predecessor-version":[{"id":10511,"href":"https:\/\/unigardening.de\/netzwerk\/wp-json\/wp\/v2\/pages\/618\/revisions\/10511"}],"wp:attachment":[{"href":"https:\/\/unigardening.de\/netzwerk\/wp-json\/wp\/v2\/media?parent=618"}],"curies":[{"name":"wp","href":"https:\/\/api.w.org\/{rel}","templated":true}]}}